{"id":1002,"date":"2022-04-21T12:22:37","date_gmt":"2022-04-21T12:22:37","guid":{"rendered":"https:\/\/jazzproarte.wordpress.com\/?page_id=1002"},"modified":"2023-05-13T17:04:41","modified_gmt":"2023-05-13T15:04:41","slug":"sarau-lispector","status":"publish","type":"page","link":"https:\/\/jazzproarte.com\/es\/sarau-lispector\/","title":{"rendered":"Sarau Lispector"},"content":{"rendered":"<p class=\"has-text-align-center\" style=\"font-size:clamp(50.171px, 3.136rem + ((1vw - 3.2px) * 3.114), 100px);\"><strong>SARAU LISPECTOR<\/strong><\/p><figure class=\"wp-block-image aligncenter size-full is-resized\"><img loading=\"lazy\" decoding=\"async\" src=\"https:\/\/jazzproarte.files.wordpress.com\/2022\/11\/llibreilustra.png\" alt=\"\" class=\"wp-image-2636\" width=\"110\" height=\"62\"\/><\/figure><div style=\"height:70px\" aria-hidden=\"true\" class=\"wp-block-spacer\"><\/div><p class=\"alignwide has-black-color has-text-color\" style=\"font-size:clamp(14.642px, 0.915rem + ((1vw - 3.2px) * 0.46), 22px);\">Celebrando el centenario del nacimiento de la escritora Clarice Lispector y la publicaci\u00f3n de su obra en lengua catalana por la editorial Club Editor, la Asociaci\u00f3n Brasil Au\u00ea presenta SARAU LISPECTOR, una mirada po\u00e9tica musical hacia sus textos, que proporciona una experiencia multidimensional y estimula el inter\u00e9s por la literatura en general y por la literatura brasile\u00f1a en particular.<br><br>Generando un ambiente esc\u00e9nico y dando vida a los personajes creados por la escritora, el proyecto realiza una inmersi\u00f3n po\u00e9tica y musical en la obra de una de las escritoras brasile\u00f1as m\u00e1s importantes. Adem\u00e1s, esta interpretaci\u00f3n de sus textos permite tocar asuntos esenciales de nuestro tiempo, como la igualdad de g\u00e9nero o los aspectos de la creaci\u00f3n art\u00edstica.<br>El concierto presenta una banda sonora en di\u00e1logo con los personajes creados por Lispector, su tiempo y espacio, donde se encuentran la contracultura, las migraciones y la resistencia a la dictadura militar brasile\u00f1a (1964-85). El repertorio musical presenta obras de Chico Buarque, Gilberto Gil, Tom Z\u00e9, Caetano Veloso y S\u00e9rgio Sampaio, entre otros.<br><br>Clarice Lispector (1920-1977), nacida en Ucrania y emigrada a Brasil, es una de las escritoras brasile\u00f1as m\u00e1s relevantes de su generaci\u00f3n. Ha realizado una extensa y diversificada producci\u00f3n literaria: cuentos, novelas, poemas, traducciones, art\u00edculos period\u00edsticos, entrevistas y literatura para la juventud. Sin embargo, su obra ha sido traducida a m\u00e1s de 10 lenguas, lo que la convierte en una parte indispensable de la producci\u00f3n literaria brasile\u00f1a del siglo XX.<\/p><div style=\"height:22px\" aria-hidden=\"true\" class=\"wp-block-spacer\"><\/div><p class=\"has-text-align-center has-black-color has-text-color\" style=\"font-size:clamp(14.642px, 0.915rem + ((1vw - 3.2px) * 0.46), 22px);\"><a href=\"https:\/\/www.instagram.com\/brasilaue\/\" target=\"_blank\" rel=\"noreferrer noopener\"><strong>Instagram.com\/brasilaue<\/strong><\/a><\/p><div style=\"height:24px\" aria-hidden=\"true\" class=\"wp-block-spacer\"><\/div><div class=\"wp-block-jetpack-slideshow\" data-autoplay=\"true\" data-delay=\"3\" data-effect=\"slide\"><div class=\"wp-block-jetpack-slideshow_container swiper-container\"><ul class=\"wp-block-jetpack-slideshow_swiper-wrapper swiper-wrapper\"><li class=\"wp-block-jetpack-slideshow_slide swiper-slide\"><figure><img decoding=\"async\" alt=\"\" class=\"wp-block-jetpack-slideshow_image wp-image-994\" data-id=\"994\" src=\"https:\/\/jazzproarte.files.wordpress.com\/2022\/04\/clarice_pagina_1.jpg?w=724\"\/><\/figure><\/li><li class=\"wp-block-jetpack-slideshow_slide swiper-slide\"><figure><img decoding=\"async\" alt=\"\" class=\"wp-block-jetpack-slideshow_image wp-image-995\" data-id=\"995\" src=\"https:\/\/jazzproarte.files.wordpress.com\/2022\/04\/clarice_pagina_2.jpg?w=721\"\/><\/figure><\/li><li class=\"wp-block-jetpack-slideshow_slide swiper-slide\"><figure><img decoding=\"async\" alt=\"\" class=\"wp-block-jetpack-slideshow_image wp-image-996\" data-id=\"996\" src=\"https:\/\/jazzproarte.files.wordpress.com\/2022\/04\/clarice_pagina_3.jpg?w=721\"\/><\/figure><\/li><li class=\"wp-block-jetpack-slideshow_slide swiper-slide\"><figure><img decoding=\"async\" alt=\"\" class=\"wp-block-jetpack-slideshow_image wp-image-997\" data-id=\"997\" src=\"https:\/\/jazzproarte.files.wordpress.com\/2022\/04\/clarice_pagina_4.jpg?w=724\"\/><\/figure><\/li><\/ul><a class=\"wp-block-jetpack-slideshow_button-prev swiper-button-prev swiper-button-white\" role=\"button\"><\/a><a class=\"wp-block-jetpack-slideshow_button-next swiper-button-next swiper-button-white\" role=\"button\"><\/a><a aria-label=\"Pause Slideshow\" class=\"wp-block-jetpack-slideshow_button-pause\" role=\"button\"><\/a><div class=\"wp-block-jetpack-slideshow_pagination swiper-pagination swiper-pagination-white\"><\/div><\/div><\/div><div style=\"height:48px\" aria-hidden=\"true\" class=\"wp-block-spacer\"><\/div><div class=\"wp-block-columns alignwide is-layout-flex wp-container-core-columns-is-layout-2709eace wp-block-columns-is-layout-flex\"><div class=\"wp-block-column has-white-color has-text-color has-background is-layout-flow wp-block-column-is-layout-flow\" style=\"background-color:#e8dbc500;padding-top:0px;padding-right:0px;padding-bottom:0px;padding-left:0px\"><figure class=\"wp-block-image aligncenter is-resized\"><img loading=\"lazy\" decoding=\"async\" src=\"https:\/\/jazzproarte.files.wordpress.com\/2022\/11\/lhora.jpg\" alt=\"\" class=\"wp-image-2553\" width=\"221\" height=\"325\"\/><\/figure>\n\n<div class=\"wp-block-group is-layout-flow wp-block-group-is-layout-flow\" style=\"margin-top:30px;margin-bottom:0px;padding-top:0px;padding-right:30px;padding-bottom:30px;padding-left:30px\"><div class=\"wp-block-buttons is-layout-flex wp-block-buttons-is-layout-flex\"><\/div><\/div><\/div>\n\n<div class=\"wp-block-column has-white-color has-text-color has-background is-layout-flow wp-block-column-is-layout-flow\" style=\"background-color:#e8dbc500;padding-top:0px;padding-right:0px;padding-bottom:0px;padding-left:0px\"><figure class=\"wp-block-image aligncenter is-resized\"><img loading=\"lazy\" decoding=\"async\" src=\"https:\/\/jazzproarte.files.wordpress.com\/2022\/11\/a-hora-da-estrela-resumo9.webp\" alt=\"\" class=\"wp-image-2557\" width=\"247\" height=\"325\"\/><\/figure>\n\n<div class=\"wp-block-group is-layout-flow wp-block-group-is-layout-flow\" style=\"margin-top:30px;margin-bottom:0px;padding-top:0px;padding-right:30px;padding-bottom:30px;padding-left:30px\"><div class=\"wp-block-buttons is-layout-flex wp-block-buttons-is-layout-flex\"><\/div><\/div><\/div>\n\n<div class=\"wp-block-column has-white-color has-text-color has-background is-layout-flow wp-block-column-is-layout-flow\" style=\"background-color:#e8dbc500;padding-top:0px;padding-right:0px;padding-bottom:0px;padding-left:0px\"><figure class=\"wp-block-image aligncenter is-resized\"><img loading=\"lazy\" decoding=\"async\" src=\"https:\/\/jazzproarte.files.wordpress.com\/2022\/11\/un-ale.jpg\" alt=\"\" class=\"wp-image-2555\" width=\"220\" height=\"325\"\/><\/figure>\n\n<div class=\"wp-block-group is-layout-flow wp-block-group-is-layout-flow\" style=\"margin-top:30px;margin-bottom:0px;padding-top:0px;padding-right:30px;padding-bottom:30px;padding-left:30px\"><div class=\"wp-block-buttons is-layout-flex wp-block-buttons-is-layout-flex\"><\/div><\/div><\/div><\/div><figure class=\"wp-block-embed aligncenter is-type-video is-provider-youtube wp-block-embed-youtube wp-embed-aspect-16-9 wp-has-aspect-ratio alignwide\"><div class=\"wp-block-embed__wrapper\">\n<iframe loading=\"lazy\" title=\"Sarau Lispector - Brasil Au\u00ea\" width=\"500\" height=\"281\" src=\"https:\/\/www.youtube.com\/embed\/pbhTEh9zBG8?feature=oembed\" frameborder=\"0\" allow=\"accelerometer; autoplay; clipboard-write; encrypted-media; gyroscope; picture-in-picture; web-share\" referrerpolicy=\"strict-origin-when-cross-origin\" allowfullscreen><\/iframe>\n<\/div><\/figure><div style=\"height:84px\" aria-hidden=\"true\" class=\"wp-block-spacer\"><\/div><figure class=\"wp-block-image alignfull size-large alignwide\"><img decoding=\"async\" src=\"https:\/\/jazzproarte.files.wordpress.com\/2022\/04\/sarau-lispector-projecte-artistic_pagina_2.jpg?w=1024\" alt=\"\" class=\"wp-image-1017\"\/><\/figure><div style=\"height:23px\" aria-hidden=\"true\" class=\"wp-block-spacer\"><\/div><figure class=\"wp-block-image alignfull size-large alignwide\"><img decoding=\"async\" src=\"https:\/\/jazzproarte.files.wordpress.com\/2022\/04\/sarau-lispector-projecte-artistic_pagina_6-copia-2.jpg?w=1024\" alt=\"\" class=\"wp-image-1031\"\/><\/figure><div style=\"height:65px\" aria-hidden=\"true\" class=\"wp-block-spacer\"><\/div>","protected":false},"excerpt":{"rendered":"<p>SARAU LISPECTOR Celebrant el centenari del naixement de l&#8217;escriptora Clarice Lispector i la publicaci\u00f3 de la seva obra en llengua catalana per l&#8217;editorial Club Editor, l&#8217;Associaci\u00f3 Brasil Au\u00ea presenta SARAU LISPECTOR, una mirada po\u00e8tica musical cap als seus textos, que proporciona una experi\u00e8ncia multidimensional i estimula l&#8217;inter\u00e8s per la literatura en general i per la [&hellip;]<\/p>\n","protected":false},"author":1,"featured_media":0,"parent":0,"menu_order":0,"comment_status":"closed","ping_status":"closed","template":"","meta":{"_gspb_post_css":"","_mbp_gutenberg_autopost":false,"footnotes":""},"class_list":["post-1002","page","type-page","status-publish","hentry"],"yoast_head":"<!-- This site is optimized with the Yoast SEO plugin v27.5 - https:\/\/yoast.com\/product\/yoast-seo-wordpress\/ -->\n<title>Sarau Lispector &#183; Jazz Pro Arte<\/title>\n<meta name=\"robots\" content=\"index, follow, max-snippet:-1, max-image-preview:large, max-video-preview:-1\" \/>\n<link rel=\"canonical\" href=\"https:\/\/jazzproarte.com\/es\/sarau-lispector\/\" \/>\n<meta property=\"og:locale\" content=\"es_ES\" \/>\n<meta property=\"og:type\" content=\"article\" \/>\n<meta property=\"og:title\" content=\"Sarau Lispector &#183; Jazz Pro Arte\" \/>\n<meta property=\"og:description\" content=\"SARAU LISPECTOR Celebrant el centenari del naixement de l&#8217;escriptora Clarice Lispector i la publicaci\u00f3 de la seva obra en llengua catalana per l&#8217;editorial Club Editor, l&#8217;Associaci\u00f3 Brasil Au\u00ea presenta SARAU LISPECTOR, una mirada po\u00e8tica musical cap als seus textos, que proporciona una experi\u00e8ncia multidimensional i estimula l&#8217;inter\u00e8s per la literatura en general i per la [&hellip;]\" \/>\n<meta property=\"og:url\" content=\"https:\/\/jazzproarte.com\/es\/sarau-lispector\/\" \/>\n<meta property=\"og:site_name\" content=\"Jazz Pro Arte\" \/>\n<meta property=\"article:publisher\" content=\"https:\/\/www.facebook.com\/jazzproarte\/\" \/>\n<meta property=\"article:modified_time\" content=\"2023-05-13T15:04:41+00:00\" \/>\n<meta property=\"og:image\" content=\"https:\/\/jazzproarte.files.wordpress.com\/2022\/11\/llibreilustra.png\" \/>\n<meta name=\"twitter:card\" content=\"summary_large_image\" \/>\n<meta name=\"twitter:label1\" content=\"Tiempo de lectura\" \/>\n\t<meta name=\"twitter:data1\" content=\"4 minutos\" \/>\n<!-- \/ Yoast SEO plugin. -->","yoast_head_json":{"title":"Sarau Lispector &#183; Jazz Pro Arte","robots":{"index":"index","follow":"follow","max-snippet":"max-snippet:-1","max-image-preview":"max-image-preview:large","max-video-preview":"max-video-preview:-1"},"canonical":"https:\/\/jazzproarte.com\/es\/sarau-lispector\/","og_locale":"es_ES","og_type":"article","og_title":"Sarau Lispector &#183; Jazz Pro Arte","og_description":"SARAU LISPECTOR Celebrant el centenari del naixement de l&#8217;escriptora Clarice Lispector i la publicaci\u00f3 de la seva obra en llengua catalana per l&#8217;editorial Club Editor, l&#8217;Associaci\u00f3 Brasil Au\u00ea presenta SARAU LISPECTOR, una mirada po\u00e8tica musical cap als seus textos, que proporciona una experi\u00e8ncia multidimensional i estimula l&#8217;inter\u00e8s per la literatura en general i per la [&hellip;]","og_url":"https:\/\/jazzproarte.com\/es\/sarau-lispector\/","og_site_name":"Jazz Pro Arte","article_publisher":"https:\/\/www.facebook.com\/jazzproarte\/","article_modified_time":"2023-05-13T15:04:41+00:00","og_image":[{"url":"https:\/\/jazzproarte.files.wordpress.com\/2022\/11\/llibreilustra.png","type":"","width":"","height":""}],"twitter_card":"summary_large_image","twitter_misc":{"Tiempo de lectura":"4 minutos"},"schema":{"@context":"https:\/\/schema.org","@graph":[{"@type":"WebPage","@id":"https:\/\/jazzproarte.com\/sarau-lispector\/","url":"https:\/\/jazzproarte.com\/sarau-lispector\/","name":"Sarau Lispector &#183; Jazz Pro Arte","isPartOf":{"@id":"https:\/\/jazzproarte.com\/#website"},"primaryImageOfPage":{"@id":"https:\/\/jazzproarte.com\/sarau-lispector\/#primaryimage"},"image":{"@id":"https:\/\/jazzproarte.com\/sarau-lispector\/#primaryimage"},"thumbnailUrl":"https:\/\/jazzproarte.files.wordpress.com\/2022\/11\/llibreilustra.png","datePublished":"2022-04-21T12:22:37+00:00","dateModified":"2023-05-13T15:04:41+00:00","breadcrumb":{"@id":"https:\/\/jazzproarte.com\/sarau-lispector\/#breadcrumb"},"inLanguage":"es","potentialAction":[{"@type":"ReadAction","target":["https:\/\/jazzproarte.com\/sarau-lispector\/"]}]},{"@type":"ImageObject","inLanguage":"es","@id":"https:\/\/jazzproarte.com\/sarau-lispector\/#primaryimage","url":"https:\/\/jazzproarte.files.wordpress.com\/2022\/11\/llibreilustra.png","contentUrl":"https:\/\/jazzproarte.files.wordpress.com\/2022\/11\/llibreilustra.png"},{"@type":"BreadcrumbList","@id":"https:\/\/jazzproarte.com\/sarau-lispector\/#breadcrumb","itemListElement":[{"@type":"ListItem","position":1,"name":"Inici","item":"https:\/\/jazzproarte.com\/"},{"@type":"ListItem","position":2,"name":"Sarau Lispector"}]},{"@type":"WebSite","@id":"https:\/\/jazzproarte.com\/#website","url":"https:\/\/jazzproarte.com\/","name":"Jazz Pro Arte Gesti\u00f3 Cultural","description":"Grupos de Jazz en Barcelona","publisher":{"@id":"https:\/\/jazzproarte.com\/#organization"},"potentialAction":[{"@type":"SearchAction","target":{"@type":"EntryPoint","urlTemplate":"https:\/\/jazzproarte.com\/?s={search_term_string}"},"query-input":{"@type":"PropertyValueSpecification","valueRequired":true,"valueName":"search_term_string"}}],"inLanguage":"es"},{"@type":"Organization","@id":"https:\/\/jazzproarte.com\/#organization","name":"Jazz Pro Arte Gesti\u00f3 Cultural","url":"https:\/\/jazzproarte.com\/","logo":{"@type":"ImageObject","inLanguage":"es","@id":"https:\/\/jazzproarte.com\/#\/schema\/logo\/image\/","url":"https:\/\/i0.wp.com\/jazzproarte.com\/wp-content\/uploads\/2023\/05\/jazzproartelogosquare.jpg?fit=512%2C509&ssl=1","contentUrl":"https:\/\/i0.wp.com\/jazzproarte.com\/wp-content\/uploads\/2023\/05\/jazzproartelogosquare.jpg?fit=512%2C509&ssl=1","width":512,"height":509,"caption":"Jazz Pro Arte Gesti\u00f3 Cultural"},"image":{"@id":"https:\/\/jazzproarte.com\/#\/schema\/logo\/image\/"},"sameAs":["https:\/\/www.facebook.com\/jazzproarte\/"]}]}},"jetpack_sharing_enabled":false,"jetpack-related-posts":[{"id":831,"url":"https:\/\/jazzproarte.com\/es\/artistes\/","url_meta":{"origin":1002,"position":0},"title":"ARTISTAS","author":"jazzproarte","date":"13 de abril de 2022","format":false,"excerpt":"La Raval Jazz Society LA VOODOO JAZZ BAND BarcelonAMarching Band SWING A LA PLA\u00c7A SARAU LISPECTOR Associaci\u00f3 Brasil Au\u00ea d'artistes brasilers a Barcelona","rel":"","context":"Entrada similar","block_context":{"text":"Entrada similar","link":""},"img":{"alt_text":"la raval jazz society","src":"https:\/\/i0.wp.com\/jazzproarte.com\/wp-content\/uploads\/2023\/05\/laravalrisopetit.png?resize=350%2C200&ssl=1","width":350,"height":200,"srcset":"https:\/\/i0.wp.com\/jazzproarte.com\/wp-content\/uploads\/2023\/05\/laravalrisopetit.png?resize=350%2C200&ssl=1 1x, https:\/\/i0.wp.com\/jazzproarte.com\/wp-content\/uploads\/2023\/05\/laravalrisopetit.png?resize=525%2C300&ssl=1 1.5x"},"classes":[]},{"id":4642,"url":"https:\/\/jazzproarte.com\/es\/test-2\/","url_meta":{"origin":1002,"position":1},"title":"Test","author":"jazzproarte","date":"18 de mayo de 2023","format":false,"excerpt":"M\u00fasica , Circ I Arts de Carrer Des del 2014, organitzem esdeveniments i portem la diversitat cultural a tota mena de p\u00fablic. Coneixes les Bandes de Swing Jazz a Barcelona? Sobre Nosaltres Contacta'ns Establerta a Ciutat Vella, Barcelona, Jazz Pro Arte representa artistes joves i veterans, que actuen en contacte\u2026","rel":"","context":"Entrada similar","block_context":{"text":"Entrada similar","link":""},"img":{"alt_text":"","src":"https:\/\/i0.wp.com\/jazzproarte.com\/wp-content\/uploads\/2023\/05\/laravalrisopetit-1.png?resize=350%2C200&ssl=1","width":350,"height":200,"srcset":"https:\/\/i0.wp.com\/jazzproarte.com\/wp-content\/uploads\/2023\/05\/laravalrisopetit-1.png?resize=350%2C200&ssl=1 1x, https:\/\/i0.wp.com\/jazzproarte.com\/wp-content\/uploads\/2023\/05\/laravalrisopetit-1.png?resize=525%2C300&ssl=1 1.5x"},"classes":[]},{"id":3881,"url":"https:\/\/jazzproarte.com\/es\/espanol\/","url_meta":{"origin":1002,"position":2},"title":"\u200e &#8211; Espa\u00f1ol","author":"jazzproarte","date":"10 de mayo de 2023","format":false,"excerpt":"M\u00fasica , CircO Y Artes de Calle Desde 2014, organizamos eventos y llevamosla diversidad cultural en todo tipo de p\u00fablico.\u00bfConoces las Bandas de Swing Jazz en Barcelona? Sobre NosOSTROS Cont\u00c1ctanOs Establecida en Ciutat Vella, Barcelona, Jazz Pro Arte representa a artistas j\u00f3venes y veteranos, que act\u00faan en contacto directo con\u2026","rel":"","context":"Entrada similar","block_context":{"text":"Entrada similar","link":""},"img":{"alt_text":"","src":"https:\/\/i0.wp.com\/jazzproarte.com\/wp-content\/uploads\/2023\/05\/laravalrisopetit-1.png?resize=350%2C200&ssl=1","width":350,"height":200,"srcset":"https:\/\/i0.wp.com\/jazzproarte.com\/wp-content\/uploads\/2023\/05\/laravalrisopetit-1.png?resize=350%2C200&ssl=1 1x, https:\/\/i0.wp.com\/jazzproarte.com\/wp-content\/uploads\/2023\/05\/laravalrisopetit-1.png?resize=525%2C300&ssl=1 1.5x"},"classes":[]}],"_links":{"self":[{"href":"https:\/\/jazzproarte.com\/es\/wp-json\/wp\/v2\/pages\/1002","targetHints":{"allow":["GET"]}}],"collection":[{"href":"https:\/\/jazzproarte.com\/es\/wp-json\/wp\/v2\/pages"}],"about":[{"href":"https:\/\/jazzproarte.com\/es\/wp-json\/wp\/v2\/types\/page"}],"author":[{"embeddable":true,"href":"https:\/\/jazzproarte.com\/es\/wp-json\/wp\/v2\/users\/1"}],"replies":[{"embeddable":true,"href":"https:\/\/jazzproarte.com\/es\/wp-json\/wp\/v2\/comments?post=1002"}],"version-history":[{"count":5,"href":"https:\/\/jazzproarte.com\/es\/wp-json\/wp\/v2\/pages\/1002\/revisions"}],"predecessor-version":[{"id":4317,"href":"https:\/\/jazzproarte.com\/es\/wp-json\/wp\/v2\/pages\/1002\/revisions\/4317"}],"wp:attachment":[{"href":"https:\/\/jazzproarte.com\/es\/wp-json\/wp\/v2\/media?parent=1002"}],"curies":[{"name":"wp","href":"https:\/\/api.w.org\/{rel}","templated":true}]}}