{"id":4844,"date":"2024-01-18T18:19:20","date_gmt":"2024-01-18T16:19:20","guid":{"rendered":"https:\/\/jazzproarte.com\/?page_id=4844"},"modified":"2025-01-09T14:11:58","modified_gmt":"2025-01-09T12:11:58","slug":"el-carnaval-dels-animals","status":"publish","type":"page","link":"https:\/\/jazzproarte.com\/es\/el-carnaval-dels-animals\/","title":{"rendered":"EL CARNAVAL DELS ANIMALS"},"content":{"rendered":"<div class=\"wp-block-group alignwide has-background is-layout-flow wp-block-group-is-layout-flow\" style=\"background-color:#ffffff00;padding-top:100px;padding-right:0px;padding-bottom:100px;padding-left:0px\"><figure class=\"wp-block-image aligncenter size-full is-resized\"><img loading=\"lazy\" decoding=\"async\" width=\"371\" height=\"210\" src=\"https:\/\/jazzproarte.com\/wp-content\/uploads\/2023\/05\/llibreilustra-1.png\" alt=\"\" class=\"wp-image-3691\" style=\"width:167px;height:auto\" srcset=\"https:\/\/jazzproarte.com\/wp-content\/uploads\/2023\/05\/llibreilustra-1.png 371w, https:\/\/jazzproarte.com\/wp-content\/uploads\/2023\/05\/llibreilustra-1-300x170.png 300w\" sizes=\"auto, (max-width: 371px) 100vw, 371px\" \/><\/figure>\n\n<div style=\"height:33px\" aria-hidden=\"true\" class=\"wp-block-spacer\"><\/div>\n\n<h2 class=\"wp-block-heading has-text-align-center\" id=\"la-raval-jazz-society\"><strong>EL CARNAVAL<\/strong> <strong>DELS ANIMALS<\/strong><br>\u00b7<br><strong>CIA PECOLO DE TEATRE MUSICAL<\/strong><\/h2>\n\n<div style=\"height:31px\" aria-hidden=\"true\" class=\"wp-block-spacer\"><\/div>\n\n<figure class=\"wp-block-gallery alignwide has-nested-images columns-default is-cropped wp-block-gallery-1 is-layout-flex wp-block-gallery-is-layout-flex\"><figure class=\"wp-block-image aligncenter size-full\"><img loading=\"lazy\" decoding=\"async\" width=\"900\" height=\"469\" data-id=\"4850\" src=\"https:\/\/jazzproarte.com\/wp-content\/uploads\/2024\/01\/CarnavaldesAnimauxRisoColorPetitettrans.png\" alt=\"\" class=\"wp-image-4850\" srcset=\"https:\/\/jazzproarte.com\/wp-content\/uploads\/2024\/01\/CarnavaldesAnimauxRisoColorPetitettrans.png 900w, https:\/\/jazzproarte.com\/wp-content\/uploads\/2024\/01\/CarnavaldesAnimauxRisoColorPetitettrans-300x156.png 300w, https:\/\/jazzproarte.com\/wp-content\/uploads\/2024\/01\/CarnavaldesAnimauxRisoColorPetitettrans-768x400.png 768w, https:\/\/jazzproarte.com\/wp-content\/uploads\/2024\/01\/CarnavaldesAnimauxRisoColorPetitettrans-18x9.png 18w\" sizes=\"auto, (max-width: 900px) 100vw, 900px\" \/><\/figure><\/figure>\n\n<hr class=\"wp-block-separator alignfull has-alpha-channel-opacity is-style-wide\"\/>\n\n<figure class=\"wp-block-gallery alignwide has-nested-images columns-default is-cropped wp-block-gallery-2 is-layout-flex wp-block-gallery-is-layout-flex\"><figure class=\"wp-block-image size-large\"><img loading=\"lazy\" decoding=\"async\" width=\"1024\" height=\"576\" data-id=\"4872\" src=\"https:\/\/jazzproarte.com\/wp-content\/uploads\/2024\/01\/Musical-Theatre_C0002-1024x576.jpg\" alt=\"\" class=\"wp-image-4872\" srcset=\"https:\/\/jazzproarte.com\/wp-content\/uploads\/2024\/01\/Musical-Theatre_C0002-1024x576.jpg 1024w, https:\/\/jazzproarte.com\/wp-content\/uploads\/2024\/01\/Musical-Theatre_C0002-300x169.jpg 300w, https:\/\/jazzproarte.com\/wp-content\/uploads\/2024\/01\/Musical-Theatre_C0002-768x432.jpg 768w, https:\/\/jazzproarte.com\/wp-content\/uploads\/2024\/01\/Musical-Theatre_C0002-1536x864.jpg 1536w, https:\/\/jazzproarte.com\/wp-content\/uploads\/2024\/01\/Musical-Theatre_C0002-18x10.jpg 18w, https:\/\/jazzproarte.com\/wp-content\/uploads\/2024\/01\/Musical-Theatre_C0002.jpg 1920w\" sizes=\"auto, (max-width: 1024px) 100vw, 1024px\" \/><\/figure>\n\n<figure class=\"wp-block-image size-large\"><img loading=\"lazy\" decoding=\"async\" width=\"1024\" height=\"576\" data-id=\"4865\" src=\"https:\/\/jazzproarte.com\/wp-content\/uploads\/2024\/01\/Musical-TheatreC0126_2-1024x576.jpg\" alt=\"\" class=\"wp-image-4865\" srcset=\"https:\/\/jazzproarte.com\/wp-content\/uploads\/2024\/01\/Musical-TheatreC0126_2-1024x576.jpg 1024w, https:\/\/jazzproarte.com\/wp-content\/uploads\/2024\/01\/Musical-TheatreC0126_2-300x169.jpg 300w, https:\/\/jazzproarte.com\/wp-content\/uploads\/2024\/01\/Musical-TheatreC0126_2-768x432.jpg 768w, https:\/\/jazzproarte.com\/wp-content\/uploads\/2024\/01\/Musical-TheatreC0126_2-1536x864.jpg 1536w, https:\/\/jazzproarte.com\/wp-content\/uploads\/2024\/01\/Musical-TheatreC0126_2-18x10.jpg 18w, https:\/\/jazzproarte.com\/wp-content\/uploads\/2024\/01\/Musical-TheatreC0126_2.jpg 1920w\" sizes=\"auto, (max-width: 1024px) 100vw, 1024px\" \/><\/figure>\n\n<figure class=\"wp-block-image size-large\"><img loading=\"lazy\" decoding=\"async\" width=\"1024\" height=\"576\" data-id=\"4868\" src=\"https:\/\/jazzproarte.com\/wp-content\/uploads\/2024\/01\/Musical-TheatreC0148-2-1024x576.jpg\" alt=\"\" class=\"wp-image-4868\" srcset=\"https:\/\/jazzproarte.com\/wp-content\/uploads\/2024\/01\/Musical-TheatreC0148-2-1024x576.jpg 1024w, https:\/\/jazzproarte.com\/wp-content\/uploads\/2024\/01\/Musical-TheatreC0148-2-300x169.jpg 300w, https:\/\/jazzproarte.com\/wp-content\/uploads\/2024\/01\/Musical-TheatreC0148-2-768x432.jpg 768w, https:\/\/jazzproarte.com\/wp-content\/uploads\/2024\/01\/Musical-TheatreC0148-2-1536x864.jpg 1536w, https:\/\/jazzproarte.com\/wp-content\/uploads\/2024\/01\/Musical-TheatreC0148-2-18x10.jpg 18w, https:\/\/jazzproarte.com\/wp-content\/uploads\/2024\/01\/Musical-TheatreC0148-2.jpg 1920w\" sizes=\"auto, (max-width: 1024px) 100vw, 1024px\" \/><\/figure>\n\n<figure class=\"wp-block-image size-large\"><img loading=\"lazy\" decoding=\"async\" width=\"1024\" height=\"576\" data-id=\"4866\" src=\"https:\/\/jazzproarte.com\/wp-content\/uploads\/2024\/01\/Musical-TheatreC0129-1024x576.jpg\" alt=\"\" class=\"wp-image-4866\" srcset=\"https:\/\/jazzproarte.com\/wp-content\/uploads\/2024\/01\/Musical-TheatreC0129-1024x576.jpg 1024w, https:\/\/jazzproarte.com\/wp-content\/uploads\/2024\/01\/Musical-TheatreC0129-300x169.jpg 300w, https:\/\/jazzproarte.com\/wp-content\/uploads\/2024\/01\/Musical-TheatreC0129-768x432.jpg 768w, https:\/\/jazzproarte.com\/wp-content\/uploads\/2024\/01\/Musical-TheatreC0129-1536x864.jpg 1536w, https:\/\/jazzproarte.com\/wp-content\/uploads\/2024\/01\/Musical-TheatreC0129-18x10.jpg 18w, https:\/\/jazzproarte.com\/wp-content\/uploads\/2024\/01\/Musical-TheatreC0129.jpg 1920w\" sizes=\"auto, (max-width: 1024px) 100vw, 1024px\" \/><\/figure>\n\n<figure class=\"wp-block-image size-large\"><img loading=\"lazy\" decoding=\"async\" width=\"1024\" height=\"576\" data-id=\"4874\" src=\"https:\/\/jazzproarte.com\/wp-content\/uploads\/2024\/01\/Musical-TheatreC0061-1024x576.jpg\" alt=\"\" class=\"wp-image-4874\" srcset=\"https:\/\/jazzproarte.com\/wp-content\/uploads\/2024\/01\/Musical-TheatreC0061-1024x576.jpg 1024w, https:\/\/jazzproarte.com\/wp-content\/uploads\/2024\/01\/Musical-TheatreC0061-300x169.jpg 300w, https:\/\/jazzproarte.com\/wp-content\/uploads\/2024\/01\/Musical-TheatreC0061-768x432.jpg 768w, https:\/\/jazzproarte.com\/wp-content\/uploads\/2024\/01\/Musical-TheatreC0061-1536x864.jpg 1536w, https:\/\/jazzproarte.com\/wp-content\/uploads\/2024\/01\/Musical-TheatreC0061-18x10.jpg 18w, https:\/\/jazzproarte.com\/wp-content\/uploads\/2024\/01\/Musical-TheatreC0061.jpg 1920w\" sizes=\"auto, (max-width: 1024px) 100vw, 1024px\" \/><\/figure>\n\n<figure class=\"wp-block-image size-large\"><img loading=\"lazy\" decoding=\"async\" width=\"1024\" height=\"576\" data-id=\"4867\" src=\"https:\/\/jazzproarte.com\/wp-content\/uploads\/2024\/01\/Musical-TheatreC0131-2-1024x576.jpg\" alt=\"\" class=\"wp-image-4867\" srcset=\"https:\/\/jazzproarte.com\/wp-content\/uploads\/2024\/01\/Musical-TheatreC0131-2-1024x576.jpg 1024w, https:\/\/jazzproarte.com\/wp-content\/uploads\/2024\/01\/Musical-TheatreC0131-2-300x169.jpg 300w, https:\/\/jazzproarte.com\/wp-content\/uploads\/2024\/01\/Musical-TheatreC0131-2-768x432.jpg 768w, https:\/\/jazzproarte.com\/wp-content\/uploads\/2024\/01\/Musical-TheatreC0131-2-1536x864.jpg 1536w, https:\/\/jazzproarte.com\/wp-content\/uploads\/2024\/01\/Musical-TheatreC0131-2-18x10.jpg 18w, https:\/\/jazzproarte.com\/wp-content\/uploads\/2024\/01\/Musical-TheatreC0131-2.jpg 1920w\" sizes=\"auto, (max-width: 1024px) 100vw, 1024px\" \/><\/figure>\n\n<figure class=\"wp-block-image size-large\"><img loading=\"lazy\" decoding=\"async\" width=\"1024\" height=\"576\" data-id=\"4870\" src=\"https:\/\/jazzproarte.com\/wp-content\/uploads\/2024\/01\/Musical-TheatreC0163-1024x576.jpg\" alt=\"\" class=\"wp-image-4870\" srcset=\"https:\/\/jazzproarte.com\/wp-content\/uploads\/2024\/01\/Musical-TheatreC0163-1024x576.jpg 1024w, https:\/\/jazzproarte.com\/wp-content\/uploads\/2024\/01\/Musical-TheatreC0163-300x169.jpg 300w, https:\/\/jazzproarte.com\/wp-content\/uploads\/2024\/01\/Musical-TheatreC0163-768x432.jpg 768w, https:\/\/jazzproarte.com\/wp-content\/uploads\/2024\/01\/Musical-TheatreC0163-1536x864.jpg 1536w, https:\/\/jazzproarte.com\/wp-content\/uploads\/2024\/01\/Musical-TheatreC0163-18x10.jpg 18w, https:\/\/jazzproarte.com\/wp-content\/uploads\/2024\/01\/Musical-TheatreC0163.jpg 1920w\" sizes=\"auto, (max-width: 1024px) 100vw, 1024px\" \/><\/figure>\n\n<figure class=\"wp-block-image size-large\"><img loading=\"lazy\" decoding=\"async\" width=\"1024\" height=\"576\" data-id=\"4864\" src=\"https:\/\/jazzproarte.com\/wp-content\/uploads\/2024\/01\/Musical-TheatreC0120-1024x576.jpg\" alt=\"\" class=\"wp-image-4864\" srcset=\"https:\/\/jazzproarte.com\/wp-content\/uploads\/2024\/01\/Musical-TheatreC0120-1024x576.jpg 1024w, https:\/\/jazzproarte.com\/wp-content\/uploads\/2024\/01\/Musical-TheatreC0120-300x169.jpg 300w, https:\/\/jazzproarte.com\/wp-content\/uploads\/2024\/01\/Musical-TheatreC0120-768x432.jpg 768w, https:\/\/jazzproarte.com\/wp-content\/uploads\/2024\/01\/Musical-TheatreC0120-1536x864.jpg 1536w, https:\/\/jazzproarte.com\/wp-content\/uploads\/2024\/01\/Musical-TheatreC0120-18x10.jpg 18w, https:\/\/jazzproarte.com\/wp-content\/uploads\/2024\/01\/Musical-TheatreC0120.jpg 1920w\" sizes=\"auto, (max-width: 1024px) 100vw, 1024px\" \/><\/figure><\/figure>\n\n<hr class=\"wp-block-separator alignfull has-alpha-channel-opacity is-style-wide\"\/><\/div><p class=\"has-text-align-center alignwide\" style=\"font-size:clamp(28.836px, 1.802rem + ((1vw - 3.2px) * 1.323), 50px);\">Una nena es perd de la seva fam\u00edlia i entra en un m\u00f3n de somnis, animals i \u00e9ssers extravagants. El &#8220;Carnaval dels Animals&#8221; \u00e9s una festa pels sentits, un viatge per paisatges sonors i visuals. <br><br>Obra de teatre musical inspirada per la partitura original de Camille Saint-Sa\u00ebns (1886). Edat recomanada:&nbsp;Lliure.<\/p><p class=\"has-text-align-center alignwide\" style=\"font-size:clamp(28.836px, 1.802rem + ((1vw - 3.2px) * 1.323), 50px);\">L&#8217;obra va ser estrenada al <a href=\"https:\/\/ajuntament.barcelona.cat\/ccivics\/albareda\/p\/58100\/el-carnaval-dels-animals-\">Centre Cultural Albareda<\/a> el maig de 2024.<\/p><hr class=\"wp-block-separator alignfull has-alpha-channel-opacity is-style-wide\"\/><p class=\"has-text-align-center alignwide\" style=\"font-size:clamp(28.836px, 1.802rem + ((1vw - 3.2px) * 1.323), 50px);\"><\/p><p class=\"has-text-align-center alignwide\" style=\"font-size:clamp(23.043px, 1.44rem + ((1vw - 3.2px) * 0.935), 38px);\">&#8220;Conte contat, conte acabat&#8221;, diu el pare a la seva filla abans de dormir, per\u00f2 per ella l&#8217;aventura acaba de comen\u00e7ar.\u00a0 La protagonista s&#8217;immersar\u00e0 en aquest m\u00f3n dels somnis, on els metalls, les fustes, les cordes, els pianos i les percussions cobren vida i es barregen per crear paisatges sonors i visuals. <br>En aquesta emocionant aventura, descobrir\u00e0s la simfonia de la natura: des de la marxa del majestu\u00f3s lle\u00f3 fins al suau i elegant ball dels cignes, cada criatura del carnaval t\u00e9 la seva pr\u00f2pia can\u00e7\u00f3 \u00fanica.\u00a0Trobar\u00e0 elefants travessos, tortugues tranquil\u00b7les i peixos juganers: en cada rac\u00f3 d&#8217;aquesta hist\u00f2ria aprendr\u00e0 lli\u00e7ons d&#8217;amistat, valentia i alegria que la marcaran per sempre.<\/p><p class=\"has-text-align-center alignwide\" style=\"font-size:clamp(23.043px, 1.44rem + ((1vw - 3.2px) * 0.935), 38px);\">Carnaval dels Animals \u00e9s un espectacle per a tota la fam\u00edlia inspirat en la suite de Camille Saint-Sa\u00ebns, que us deixar\u00e0 captivats i plens de felicitat! No us ho perdeu!<\/p><p class=\"has-text-align-center alignwide\" style=\"font-size:clamp(23.043px, 1.44rem + ((1vw - 3.2px) * 0.935), 38px);\">\u00a0<strong>Amb la Cia. Pecolo de Teatre Musical<\/strong><br><\/p><p><\/p><div style=\"height:29px\" aria-hidden=\"true\" class=\"wp-block-spacer\"><\/div><figure class=\"wp-block-embed alignfull is-type-video is-provider-youtube wp-block-embed-youtube wp-embed-aspect-16-9 wp-has-aspect-ratio\"><div class=\"wp-block-embed__wrapper\">\n<iframe loading=\"lazy\" title=\"Teaser &quot;El Carnaval dels Animals&quot; \u00b7 Cia Pecolo de Teatre Musical\" width=\"500\" height=\"281\" src=\"https:\/\/www.youtube.com\/embed\/HS1h8oyQj0E?feature=oembed\" frameborder=\"0\" allow=\"accelerometer; autoplay; clipboard-write; encrypted-media; gyroscope; picture-in-picture; web-share\" referrerpolicy=\"strict-origin-when-cross-origin\" allowfullscreen><\/iframe>\n<\/div><\/figure><p class=\"has-text-align-center wp-embed-aspect-16-9 wp-has-aspect-ratio\"><a href=\"https:\/\/www.youtube.com\/watch?v=HS1h8oyQj0E\">https:\/\/www.youtube.com\/watch?v=HS1h8oyQj0E<\/a><\/p><div style=\"height:44px\" aria-hidden=\"true\" class=\"wp-block-spacer\"><\/div><h3 class=\"wp-block-heading has-text-align-center is-style-default has-background-color has-black-background-color has-text-color has-background has-link-color wp-elements-a6159f64511a336961bd7775710748d2\" id=\"bandes-jazzproarte\" style=\"border-style:none;border-width:0px\"><strong>B<\/strong>ANDES JAZZPROARTE<\/h3><div style=\"height:15px\" aria-hidden=\"true\" class=\"wp-block-spacer\"><\/div><div class=\"wp-block-group alignwide has-foreground-color has-text-color has-link-color wp-elements-bd865ce7bf4a082f8ad7460f1c118cdb is-layout-flow wp-container-core-group-is-layout-d6743c7d wp-block-group-is-layout-flow\"><div class=\"wp-block-greenshift-blocks-container gspb_container gspb_container-gsbp-69ce9ddc-8887\" id=\"gspb_container-id-gsbp-69ce9ddc-8887\"><div class=\"wp-block-greenshift-blocks-container gspb_container gspb_container-gsbp-b2009e83-ec5e\" id=\"gspb_container-id-gsbp-b2009e83-ec5e\" data-aos=\"fade-right\" data-aos-easing=\"ease\" data-aos-duration=\"700\"><\/div><\/div>\n\n<hr class=\"wp-block-separator alignwide has-alpha-channel-opacity is-style-wide\"\/>\n\n<div style=\"height:50px\" aria-hidden=\"true\" class=\"wp-block-spacer\"><\/div>\n\n<div class=\"wp-block-greenshift-blocks-container gspb_container gspb_container-gsbp-d1e42b26-1405\" id=\"gspb_container-id-gsbp-d1e42b26-1405\" data-aos=\"fade-left\" data-aos-easing=\"ease\" data-aos-duration=\"700\"><div class=\"wp-block-media-text alignfull has-media-on-the-right is-stacked-on-mobile margin-top- margin-bottom- js-scroll slide-right has-text-color has-background has-link-color wp-elements-06940aed552c40c9b86f61ab1f780f5c\" style=\"color:#222222;background-color:#ede1e100;margin-top:var(--wp--preset--spacing--x-small);margin-right:var(--wp--preset--spacing--x-small);margin-bottom:var(--wp--preset--spacing--x-small);margin-left:var(--wp--preset--spacing--x-small);grid-template-columns:auto 22%\"><div class=\"wp-block-media-text__content\"><div class=\"wp-block-group is-layout-flow wp-block-group-is-layout-flow\" style=\"padding-top:9.5%;padding-bottom:9.5%\"><h3 class=\"wp-block-heading has-text-align-center\" id=\"la-raval-jazz-society\" style=\"font-size:clamp(26.944px, 1.684rem + ((1vw - 3.2px) * 1.191), 46px);font-style:normal;font-weight:700;line-height:1.2\"><a href=\"https:\/\/jazzproarte.com\/es\/la-raval-jazz-society\/\">LA RAVAL JAZZ SOCIETY<\/a><\/h3><\/div><\/div><figure class=\"wp-block-media-text__media\"><a href=\"https:\/\/jazzproarte.com\/es\/la-raval-jazz-society\/\"><img loading=\"lazy\" decoding=\"async\" width=\"694\" height=\"479\" src=\"https:\/\/jazzproarte.com\/wp-content\/uploads\/2023\/05\/laravalrisopetit-1.png\" alt=\"\" class=\"wp-image-4454 size-full\" srcset=\"https:\/\/jazzproarte.com\/wp-content\/uploads\/2023\/05\/laravalrisopetit-1.png 694w, https:\/\/jazzproarte.com\/wp-content\/uploads\/2023\/05\/laravalrisopetit-1-300x207.png 300w\" sizes=\"auto, (max-width: 694px) 100vw, 694px\" \/><\/a><\/figure><\/div><\/div>\n\n<hr class=\"wp-block-separator alignfull has-alpha-channel-opacity is-style-wide\"\/>\n\n<div style=\"height:49px\" aria-hidden=\"true\" class=\"wp-block-spacer\"><\/div>\n\n<div class=\"wp-block-greenshift-blocks-container gspb_container gspb_container-gsbp-858e4a57-a882\" id=\"gspb_container-id-gsbp-858e4a57-a882\" data-aos=\"fade-right\" data-aos-easing=\"ease\" data-aos-duration=\"700\"><div class=\"wp-block-media-text alignfull is-stacked-on-mobile margin-top-none margin-bottom-none has-text-color has-background has-link-color wp-elements-da9b842873ff035cbca748c163dd6f3e\" style=\"color:#222222;background-color:#ffffff00;margin-top:var(--wp--preset--spacing--x-small);margin-right:var(--wp--preset--spacing--x-small);margin-bottom:var(--wp--preset--spacing--x-small);margin-left:var(--wp--preset--spacing--x-small);grid-template-columns:24% auto\"><figure class=\"wp-block-media-text__media\"><a href=\"https:\/\/jazzproarte.com\/es\/la-voodoo-jazz-band\/\"><img decoding=\"async\" src=\"https:\/\/jazzproarte.files.wordpress.com\/2022\/06\/voodooriso.petit2_.png?w=748\" alt=\"\" class=\"wp-image-1598 size-full\"\/><\/a><\/figure><div class=\"wp-block-media-text__content\"><h3 class=\"wp-block-heading has-text-align-center\" id=\"la-voodoo-jazz-band\" style=\"font-size:clamp(26.944px, 1.684rem + ((1vw - 3.2px) * 1.191), 46px);font-style:normal;font-weight:700;line-height:1.2\"><a href=\"https:\/\/jazzproarte.com\/es\/la-voodoo-jazz-band\/\">LA VOODOO JAZZ BAND<\/a><\/h3><\/div><\/div><\/div>\n\n<hr class=\"wp-block-separator alignfull has-alpha-channel-opacity is-style-wide\"\/>\n\n<div style=\"height:50px\" aria-hidden=\"true\" class=\"wp-block-spacer\"><\/div>\n\n<div class=\"wp-block-greenshift-blocks-container gspb_container gspb_container-gsbp-4b2ec6e4-2ab6\" id=\"gspb_container-id-gsbp-4b2ec6e4-2ab6\" data-aos=\"fade-left\" data-aos-easing=\"ease\" data-aos-duration=\"700\"><div class=\"wp-block-media-text alignfull has-media-on-the-right is-stacked-on-mobile margin-top-none margin-bottom-none has-text-color has-background has-link-color wp-elements-c262f1d0b9d81074363f78b22bc8a6f9\" style=\"color:#222222;background-color:#ffffff00;margin-top:var(--wp--preset--spacing--x-small);margin-right:var(--wp--preset--spacing--x-small);margin-bottom:var(--wp--preset--spacing--x-small);margin-left:var(--wp--preset--spacing--x-small);grid-template-columns:auto 27%\"><div class=\"wp-block-media-text__content\"><h2 class=\"wp-block-heading has-text-align-center\" id=\"barcelonamarching-band\" style=\"font-size:clamp(26.944px, 1.684rem + ((1vw - 3.2px) * 1.191), 46px);font-style:normal;font-weight:700;line-height:1.2\"><a href=\"https:\/\/jazzproarte.com\/es\/barcelona-marching-band\/\">BarcelonA Marching Band<\/a><\/h2><\/div><figure class=\"wp-block-media-text__media\"><a href=\"https:\/\/jazzproarte.com\/es\/barcelona-marching-band\/\"><img loading=\"lazy\" decoding=\"async\" width=\"700\" height=\"449\" src=\"http:\/\/jazzproarte.com\/wp-content\/uploads\/2023\/05\/bmbrisomicro.png\" alt=\"\" class=\"wp-image-3671 size-full\" srcset=\"https:\/\/jazzproarte.com\/wp-content\/uploads\/2023\/05\/bmbrisomicro.png 700w, https:\/\/jazzproarte.com\/wp-content\/uploads\/2023\/05\/bmbrisomicro-300x192.png 300w\" sizes=\"auto, (max-width: 700px) 100vw, 700px\" \/><\/a><\/figure><\/div><\/div>\n\n<hr class=\"wp-block-separator alignfull has-alpha-channel-opacity is-style-wide\"\/>\n\n<div style=\"height:50px\" aria-hidden=\"true\" class=\"wp-block-spacer\"><\/div>\n\n<div class=\"wp-block-greenshift-blocks-container gspb_container gspb_container-gsbp-a2c3485\" id=\"gspb_container-id-gsbp-a2c3485\" data-aos=\"fade-left\" data-aos-easing=\"ease\" data-aos-duration=\"700\"><div class=\"wp-block-media-text alignfull is-stacked-on-mobile is-vertically-aligned-center margin-top-none margin-bottom-none has-text-color has-background has-link-color wp-elements-a170f4f67cba9fb84d4228d0f2d5ffb6\" style=\"color:#222222;background-color:#ffffff00;margin-top:var(--wp--preset--spacing--x-small);margin-right:var(--wp--preset--spacing--x-small);margin-bottom:var(--wp--preset--spacing--x-small);margin-left:var(--wp--preset--spacing--x-small);grid-template-columns:15% auto\"><figure class=\"wp-block-media-text__media\"><a href=\"https:\/\/jazzproarte.com\/es\/duo-bossajazz\/\"><img loading=\"lazy\" decoding=\"async\" width=\"500\" height=\"674\" src=\"https:\/\/jazzproarte.com\/wp-content\/uploads\/2024\/01\/DuoBossaJazzRisopetit5.png\" alt=\"\" class=\"wp-image-4884 size-full\" srcset=\"https:\/\/jazzproarte.com\/wp-content\/uploads\/2024\/01\/DuoBossaJazzRisopetit5.png 500w, https:\/\/jazzproarte.com\/wp-content\/uploads\/2024\/01\/DuoBossaJazzRisopetit5-223x300.png 223w, https:\/\/jazzproarte.com\/wp-content\/uploads\/2024\/01\/DuoBossaJazzRisopetit5-9x12.png 9w\" sizes=\"auto, (max-width: 500px) 100vw, 500px\" \/><\/a><\/figure><div class=\"wp-block-media-text__content\"><h2 class=\"wp-block-heading has-text-align-center\" id=\"barcelonamarching-band\" style=\"font-size:clamp(26.944px, 1.684rem + ((1vw - 3.2px) * 1.191), 46px);font-style:normal;font-weight:700;line-height:1.2\"><a href=\"https:\/\/jazzproarte.com\/es\/duo-bossajazz\/\">DUO  BossaJazz<\/a><\/h2><\/div><\/div><\/div><\/div><p><\/p>","protected":false},"excerpt":{"rendered":"<p>EL CARNAVAL DELS ANIMALS\u00b7CIA PECOLO DE TEATRE MUSICAL Una nena es perd de la seva fam\u00edlia i entra en un m\u00f3n de somnis, animals i \u00e9ssers extravagants. El &#8220;Carnaval dels Animals&#8221; \u00e9s una festa pels sentits, un viatge per paisatges sonors i visuals. Obra de teatre musical inspirada per la partitura original de Camille Saint-Sa\u00ebns [&hellip;]<\/p>\n","protected":false},"author":1,"featured_media":4899,"parent":0,"menu_order":0,"comment_status":"closed","ping_status":"closed","template":"","meta":{"_gspb_post_css":".gspb_container-id-gsbp-4b2ec6e4-2ab6,.gspb_container-id-gsbp-69ce9ddc-8887,.gspb_container-id-gsbp-858e4a57-a882,.gspb_container-id-gsbp-a2c3485,.gspb_container-id-gsbp-b2009e83-ec5e,.gspb_container-id-gsbp-d1e42b26-1405{flex-direction:column;box-sizing:border-box}#gspb_container-id-gsbp-4b2ec6e4-2ab6.gspb_container>p:last-of-type,#gspb_container-id-gsbp-69ce9ddc-8887.gspb_container>p:last-of-type,#gspb_container-id-gsbp-858e4a57-a882.gspb_container>p:last-of-type,#gspb_container-id-gsbp-a2c3485.gspb_container>p:last-of-type,#gspb_container-id-gsbp-b2009e83-ec5e.gspb_container>p:last-of-type,#gspb_container-id-gsbp-d1e42b26-1405.gspb_container>p:last-of-type{margin-bottom:0}#gspb_container-id-gsbp-69ce9ddc-8887.gspb_container,#gspb_container-id-gsbp-b2009e83-ec5e.gspb_container{position:relative}#gspb_container-id-gsbp-b2009e83-ec5e.gspb_container{transition-duration:.7s;transition-timing-function:var(--gs-root-animation-easing, cubic-bezier(0.42, 0, 0.58, 1));opacity:var(--gs-root-animation-opacity, 0);transition-property:opacity,transform,filter;transform:var(--gs-root-animation-transform, translate3d(calc(max(50px, 15%) * -1), 0, 0))}#gspb_container-id-gsbp-4b2ec6e4-2ab6.gspb_container.aos-animate,#gspb_container-id-gsbp-4b2ec6e4-2ab6.gspb_container[data-gs-aos],#gspb_container-id-gsbp-858e4a57-a882.gspb_container.aos-animate,#gspb_container-id-gsbp-858e4a57-a882.gspb_container[data-gs-aos],#gspb_container-id-gsbp-a2c3485.gspb_container.aos-animate,#gspb_container-id-gsbp-a2c3485.gspb_container[data-gs-aos],#gspb_container-id-gsbp-b2009e83-ec5e.gspb_container.aos-animate,#gspb_container-id-gsbp-b2009e83-ec5e.gspb_container[data-gs-aos],#gspb_container-id-gsbp-d1e42b26-1405.gspb_container.aos-animate,#gspb_container-id-gsbp-d1e42b26-1405.gspb_container[data-gs-aos]{opacity:1;transform:translateZ(0)}#gspb_container-id-gsbp-d1e42b26-1405.gspb_container{margin-bottom:0;transform:var(--gs-root-animation-transform, translate3d(calc(max(50px, 15%)), 0, 0))}#gspb_container-id-gsbp-4b2ec6e4-2ab6.gspb_container,#gspb_container-id-gsbp-858e4a57-a882.gspb_container,#gspb_container-id-gsbp-a2c3485.gspb_container,#gspb_container-id-gsbp-d1e42b26-1405.gspb_container{position:relative;transition-duration:.7s;transition-timing-function:var(--gs-root-animation-easing, cubic-bezier(0.42, 0, 0.58, 1));opacity:var(--gs-root-animation-opacity, 0);transition-property:opacity,transform,filter}#gspb_container-id-gsbp-858e4a57-a882.gspb_container{margin-bottom:0;transform:var(--gs-root-animation-transform, translate3d(calc(max(50px, 15%) * -1), 0, 0))}#gspb_container-id-gsbp-4b2ec6e4-2ab6.gspb_container,#gspb_container-id-gsbp-a2c3485.gspb_container{transform:var(--gs-root-animation-transform, translate3d(calc(max(50px, 15%)), 0, 0))}","_mbp_gutenberg_autopost":false,"footnotes":""},"class_list":["post-4844","page","type-page","status-publish","has-post-thumbnail","hentry"],"yoast_head":"<!-- This site is optimized with the Yoast SEO plugin v27.5 - https:\/\/yoast.com\/product\/yoast-seo-wordpress\/ -->\n<title>EL CARNAVAL DELS ANIMALS &#183; Jazz Pro Arte<\/title>\n<meta name=\"description\" content=\"&quot;El Carnaval dels Animals&quot; \u00e9s una obra de teatre musical inspirada per la partitura original de Camille Saint-Sa\u00ebns (1886)\" \/>\n<meta name=\"robots\" content=\"index, follow, max-snippet:-1, max-image-preview:large, max-video-preview:-1\" \/>\n<link rel=\"canonical\" href=\"https:\/\/jazzproarte.com\/es\/el-carnaval-dels-animals\/\" \/>\n<meta property=\"og:locale\" content=\"es_ES\" \/>\n<meta property=\"og:type\" content=\"article\" \/>\n<meta property=\"og:title\" content=\"EL CARNAVAL DELS ANIMALS &#183; Jazz Pro Arte\" \/>\n<meta property=\"og:description\" content=\"&quot;El Carnaval dels Animals&quot; \u00e9s una obra de teatre musical inspirada per la partitura original de Camille Saint-Sa\u00ebns (1886)\" \/>\n<meta property=\"og:url\" content=\"https:\/\/jazzproarte.com\/es\/el-carnaval-dels-animals\/\" \/>\n<meta property=\"og:site_name\" content=\"Jazz Pro Arte\" \/>\n<meta property=\"article:publisher\" content=\"https:\/\/www.facebook.com\/jazzproarte\/\" \/>\n<meta property=\"article:modified_time\" content=\"2025-01-09T12:11:58+00:00\" \/>\n<meta property=\"og:image\" content=\"https:\/\/jazzproarte.com\/wp-content\/uploads\/2024\/01\/logocarnival2.png\" \/>\n\t<meta property=\"og:image:width\" content=\"278\" \/>\n\t<meta property=\"og:image:height\" content=\"265\" \/>\n\t<meta property=\"og:image:type\" content=\"image\/png\" \/>\n<meta name=\"twitter:card\" content=\"summary_large_image\" \/>\n<meta name=\"twitter:label1\" content=\"Tiempo de lectura\" \/>\n\t<meta name=\"twitter:data1\" content=\"5 minutos\" \/>\n<!-- \/ Yoast SEO plugin. -->","yoast_head_json":{"title":"EL CARNAVAL DELS ANIMALS &#183; Jazz Pro Arte","description":"\"El Carnaval dels Animals\" \u00e9s una obra de teatre musical inspirada per la partitura original de Camille Saint-Sa\u00ebns (1886)","robots":{"index":"index","follow":"follow","max-snippet":"max-snippet:-1","max-image-preview":"max-image-preview:large","max-video-preview":"max-video-preview:-1"},"canonical":"https:\/\/jazzproarte.com\/es\/el-carnaval-dels-animals\/","og_locale":"es_ES","og_type":"article","og_title":"EL CARNAVAL DELS ANIMALS &#183; Jazz Pro Arte","og_description":"\"El Carnaval dels Animals\" \u00e9s una obra de teatre musical inspirada per la partitura original de Camille Saint-Sa\u00ebns (1886)","og_url":"https:\/\/jazzproarte.com\/es\/el-carnaval-dels-animals\/","og_site_name":"Jazz Pro Arte","article_publisher":"https:\/\/www.facebook.com\/jazzproarte\/","article_modified_time":"2025-01-09T12:11:58+00:00","og_image":[{"width":278,"height":265,"url":"https:\/\/jazzproarte.com\/wp-content\/uploads\/2024\/01\/logocarnival2.png","type":"image\/png"}],"twitter_card":"summary_large_image","twitter_misc":{"Tiempo de lectura":"5 minutos"},"schema":{"@context":"https:\/\/schema.org","@graph":[{"@type":"WebPage","@id":"https:\/\/jazzproarte.com\/el-carnaval-dels-animals\/","url":"https:\/\/jazzproarte.com\/el-carnaval-dels-animals\/","name":"EL CARNAVAL DELS ANIMALS &#183; Jazz Pro Arte","isPartOf":{"@id":"https:\/\/jazzproarte.com\/#website"},"primaryImageOfPage":{"@id":"https:\/\/jazzproarte.com\/el-carnaval-dels-animals\/#primaryimage"},"image":{"@id":"https:\/\/jazzproarte.com\/el-carnaval-dels-animals\/#primaryimage"},"thumbnailUrl":"https:\/\/jazzproarte.com\/wp-content\/uploads\/2024\/01\/logocarnival2.png","datePublished":"2024-01-18T16:19:20+00:00","dateModified":"2025-01-09T12:11:58+00:00","description":"\"El Carnaval dels Animals\" \u00e9s una obra de teatre musical inspirada per la partitura original de Camille Saint-Sa\u00ebns (1886)","breadcrumb":{"@id":"https:\/\/jazzproarte.com\/el-carnaval-dels-animals\/#breadcrumb"},"inLanguage":"es","potentialAction":[{"@type":"ReadAction","target":["https:\/\/jazzproarte.com\/el-carnaval-dels-animals\/"]}]},{"@type":"ImageObject","inLanguage":"es","@id":"https:\/\/jazzproarte.com\/el-carnaval-dels-animals\/#primaryimage","url":"https:\/\/jazzproarte.com\/wp-content\/uploads\/2024\/01\/logocarnival2.png","contentUrl":"https:\/\/jazzproarte.com\/wp-content\/uploads\/2024\/01\/logocarnival2.png","width":278,"height":265},{"@type":"BreadcrumbList","@id":"https:\/\/jazzproarte.com\/el-carnaval-dels-animals\/#breadcrumb","itemListElement":[{"@type":"ListItem","position":1,"name":"Inici","item":"https:\/\/jazzproarte.com\/"},{"@type":"ListItem","position":2,"name":"EL CARNAVAL DELS ANIMALS"}]},{"@type":"WebSite","@id":"https:\/\/jazzproarte.com\/#website","url":"https:\/\/jazzproarte.com\/","name":"Jazz Pro Arte Gesti\u00f3 Cultural","description":"Grupos de Jazz en Barcelona","publisher":{"@id":"https:\/\/jazzproarte.com\/#organization"},"potentialAction":[{"@type":"SearchAction","target":{"@type":"EntryPoint","urlTemplate":"https:\/\/jazzproarte.com\/?s={search_term_string}"},"query-input":{"@type":"PropertyValueSpecification","valueRequired":true,"valueName":"search_term_string"}}],"inLanguage":"es"},{"@type":"Organization","@id":"https:\/\/jazzproarte.com\/#organization","name":"Jazz Pro Arte Gesti\u00f3 Cultural","url":"https:\/\/jazzproarte.com\/","logo":{"@type":"ImageObject","inLanguage":"es","@id":"https:\/\/jazzproarte.com\/#\/schema\/logo\/image\/","url":"https:\/\/i0.wp.com\/jazzproarte.com\/wp-content\/uploads\/2023\/05\/jazzproartelogosquare.jpg?fit=512%2C509&ssl=1","contentUrl":"https:\/\/i0.wp.com\/jazzproarte.com\/wp-content\/uploads\/2023\/05\/jazzproartelogosquare.jpg?fit=512%2C509&ssl=1","width":512,"height":509,"caption":"Jazz Pro Arte Gesti\u00f3 Cultural"},"image":{"@id":"https:\/\/jazzproarte.com\/#\/schema\/logo\/image\/"},"sameAs":["https:\/\/www.facebook.com\/jazzproarte\/"]}]}},"jetpack_sharing_enabled":true,"jetpack-related-posts":[{"id":623,"url":"https:\/\/jazzproarte.com\/es\/bio\/","url_meta":{"origin":4844,"position":0},"title":"SOBRE","author":"jazzproarte","date":"6 de abril de 2022","format":false,"excerpt":"QUANT A Henrique Mendon\u00e7a Foto: Louise Chin\/Ignacio AronovichLost Art - Exposici\u00f3 \"Bailes do Brasil\" M\u00fasic, Gestor Cultural, Historiador jazzproarte@gmail.com +34 65763 05 02 Va n\u00e9ixer a S\u00e3o Paulo l\u2019any 1987 i es va iniciar en la m\u00fasica durant la seva infantesa. Historiador graduat per la Universitat de S\u00e3o Paulo (USP),\u2026","rel":"","context":"Entrada similar","block_context":{"text":"Entrada similar","link":""},"img":{"alt_text":"","src":"https:\/\/i0.wp.com\/jazzproarte.com\/wp-content\/uploads\/2023\/05\/laravalrisopetit-1.png?resize=350%2C200&ssl=1","width":350,"height":200,"srcset":"https:\/\/i0.wp.com\/jazzproarte.com\/wp-content\/uploads\/2023\/05\/laravalrisopetit-1.png?resize=350%2C200&ssl=1 1x, https:\/\/i0.wp.com\/jazzproarte.com\/wp-content\/uploads\/2023\/05\/laravalrisopetit-1.png?resize=525%2C300&ssl=1 1.5x"},"classes":[]},{"id":2389,"url":"https:\/\/jazzproarte.com\/es\/","url_meta":{"origin":4844,"position":1},"title":"\u200eINICI","author":"jazzproarte","date":"4 de noviembre de 2022","format":false,"excerpt":"M\u00fasica , Circ i Arts de Carrer Des del 2014, organitzem esdeveniments i portemla diversitat cultural a tota mena de p\u00fablic.Coneixes les Bandes de Swing Jazz a Barcelona? Sobre Nosaltres Contacta'ns Establerta a Ciutat Vella, Barcelona, Jazz Pro Arte representa artistes joves i veterans, que actuen en contacte directe amb\u2026","rel":"","context":"Entrada similar","block_context":{"text":"Entrada similar","link":""},"img":{"alt_text":"","src":"https:\/\/i0.wp.com\/jazzproarte.com\/wp-content\/uploads\/2023\/05\/capcaquadradapet3.jpg?resize=350%2C200&ssl=1","width":350,"height":200},"classes":[]},{"id":2004,"url":"https:\/\/jazzproarte.com\/es\/produccio-musical\/","url_meta":{"origin":4844,"position":2},"title":"PRODUCCI\u00d3N MUSICAL","author":"jazzproarte","date":"11 de octubre de 2022","format":false,"excerpt":"Ens dediquem a la Producci\u00f3 de Bandes Sonores per a Espectacles (Teatre, Circ, Dansa), pel\u00b7l\u00edcules, animacions. Treballem amb totes les etapes del proc\u00e9s creatiu: - Composici\u00f3, Arranjament - Gravaci\u00f3, Mescla i Masteritzaci\u00f3. Algunes produccions pr\u00f2pies: https:\/\/soundcloud.com\/henrique_mendonca\/tokyo-2038?si=f42f2ddf36394e1c9f8452af6c31f550&utm_source=clipboard&utm_medium=text&utm_campaign=social_sharing Inspirat per la Banda Sonora de \"AKIRA\", del grup japon\u00e8s Geinoh Yamashirogumi i els\u2026","rel":"","context":"Entrada similar","block_context":{"text":"Entrada similar","link":""},"img":{"alt_text":"","src":"https:\/\/i0.wp.com\/jazzproarte.com\/wp-content\/uploads\/2023\/05\/laravalrisopetit-1.png?resize=350%2C200&ssl=1","width":350,"height":200,"srcset":"https:\/\/i0.wp.com\/jazzproarte.com\/wp-content\/uploads\/2023\/05\/laravalrisopetit-1.png?resize=350%2C200&ssl=1 1x, https:\/\/i0.wp.com\/jazzproarte.com\/wp-content\/uploads\/2023\/05\/laravalrisopetit-1.png?resize=525%2C300&ssl=1 1.5x"},"classes":[]},{"id":4642,"url":"https:\/\/jazzproarte.com\/es\/test-2\/","url_meta":{"origin":4844,"position":3},"title":"Test","author":"jazzproarte","date":"18 de mayo de 2023","format":false,"excerpt":"M\u00fasica , Circ I Arts de Carrer Des del 2014, organitzem esdeveniments i portem la diversitat cultural a tota mena de p\u00fablic. Coneixes les Bandes de Swing Jazz a Barcelona? Sobre Nosaltres Contacta'ns Establerta a Ciutat Vella, Barcelona, Jazz Pro Arte representa artistes joves i veterans, que actuen en contacte\u2026","rel":"","context":"Entrada similar","block_context":{"text":"Entrada similar","link":""},"img":{"alt_text":"","src":"https:\/\/i0.wp.com\/jazzproarte.com\/wp-content\/uploads\/2023\/05\/laravalrisopetit-1.png?resize=350%2C200&ssl=1","width":350,"height":200,"srcset":"https:\/\/i0.wp.com\/jazzproarte.com\/wp-content\/uploads\/2023\/05\/laravalrisopetit-1.png?resize=350%2C200&ssl=1 1x, https:\/\/i0.wp.com\/jazzproarte.com\/wp-content\/uploads\/2023\/05\/laravalrisopetit-1.png?resize=525%2C300&ssl=1 1.5x"},"classes":[]},{"id":3881,"url":"https:\/\/jazzproarte.com\/es\/espanol\/","url_meta":{"origin":4844,"position":4},"title":"\u200e &#8211; Espa\u00f1ol","author":"jazzproarte","date":"10 de mayo de 2023","format":false,"excerpt":"M\u00fasica , CircO Y Artes de Calle Desde 2014, organizamos eventos y llevamosla diversidad cultural en todo tipo de p\u00fablico.\u00bfConoces las Bandas de Swing Jazz en Barcelona? Sobre NosOSTROS Cont\u00c1ctanOs Establecida en Ciutat Vella, Barcelona, Jazz Pro Arte representa a artistas j\u00f3venes y veteranos, que act\u00faan en contacto directo con\u2026","rel":"","context":"Entrada similar","block_context":{"text":"Entrada similar","link":""},"img":{"alt_text":"","src":"https:\/\/i0.wp.com\/jazzproarte.com\/wp-content\/uploads\/2023\/05\/laravalrisopetit-1.png?resize=350%2C200&ssl=1","width":350,"height":200,"srcset":"https:\/\/i0.wp.com\/jazzproarte.com\/wp-content\/uploads\/2023\/05\/laravalrisopetit-1.png?resize=350%2C200&ssl=1 1x, https:\/\/i0.wp.com\/jazzproarte.com\/wp-content\/uploads\/2023\/05\/laravalrisopetit-1.png?resize=525%2C300&ssl=1 1.5x"},"classes":[]},{"id":931,"url":"https:\/\/jazzproarte.com\/es\/historia\/","url_meta":{"origin":4844,"position":5},"title":"HISTORIA","author":"jazzproarte","date":"20 de abril de 2022","format":false,"excerpt":"HIST\u00d2RIA LA NOSTRA TRAJECT\u00d2RIA Creada a S\u00e3o Paulo, Brasil, tenim experi\u00e8ncia en l'organitzaci\u00f3 d'esdeveniments art\u00edstics. En un primer moment les nostres arrels estaven relacionades amb la cultura del Carnaval, del Jazz de carrer i les arts perform\u00e0tiques, donant veu a grups de l'escena underground i de la cultura alternativa. Jazz\u2026","rel":"","context":"Entrada similar","block_context":{"text":"Entrada similar","link":""},"img":{"alt_text":"unidos do swing escadaria bixiga","src":"https:\/\/i0.wp.com\/jazzproarte.com\/wp-content\/uploads\/2023\/05\/Unidos-do-Swing-Escadaria-do-Bixiga-Foto-Priscila-Requena-2.jpg?resize=350%2C200&ssl=1","width":350,"height":200,"srcset":"https:\/\/i0.wp.com\/jazzproarte.com\/wp-content\/uploads\/2023\/05\/Unidos-do-Swing-Escadaria-do-Bixiga-Foto-Priscila-Requena-2.jpg?resize=350%2C200&ssl=1 1x, https:\/\/i0.wp.com\/jazzproarte.com\/wp-content\/uploads\/2023\/05\/Unidos-do-Swing-Escadaria-do-Bixiga-Foto-Priscila-Requena-2.jpg?resize=525%2C300&ssl=1 1.5x, https:\/\/i0.wp.com\/jazzproarte.com\/wp-content\/uploads\/2023\/05\/Unidos-do-Swing-Escadaria-do-Bixiga-Foto-Priscila-Requena-2.jpg?resize=700%2C400&ssl=1 2x"},"classes":[]}],"_links":{"self":[{"href":"https:\/\/jazzproarte.com\/es\/wp-json\/wp\/v2\/pages\/4844","targetHints":{"allow":["GET"]}}],"collection":[{"href":"https:\/\/jazzproarte.com\/es\/wp-json\/wp\/v2\/pages"}],"about":[{"href":"https:\/\/jazzproarte.com\/es\/wp-json\/wp\/v2\/types\/page"}],"author":[{"embeddable":true,"href":"https:\/\/jazzproarte.com\/es\/wp-json\/wp\/v2\/users\/1"}],"replies":[{"embeddable":true,"href":"https:\/\/jazzproarte.com\/es\/wp-json\/wp\/v2\/comments?post=4844"}],"version-history":[{"count":19,"href":"https:\/\/jazzproarte.com\/es\/wp-json\/wp\/v2\/pages\/4844\/revisions"}],"predecessor-version":[{"id":5509,"href":"https:\/\/jazzproarte.com\/es\/wp-json\/wp\/v2\/pages\/4844\/revisions\/5509"}],"wp:featuredmedia":[{"embeddable":true,"href":"https:\/\/jazzproarte.com\/es\/wp-json\/wp\/v2\/media\/4899"}],"wp:attachment":[{"href":"https:\/\/jazzproarte.com\/es\/wp-json\/wp\/v2\/media?parent=4844"}],"curies":[{"name":"wp","href":"https:\/\/api.w.org\/{rel}","templated":true}]}}